{"id":8284,"date":"2019-11-27T12:49:48","date_gmt":"2019-11-27T11:49:48","guid":{"rendered":"https:\/\/www.sapim.com\/noticies-sapim\/"},"modified":"2024-07-10T11:32:34","modified_gmt":"2024-07-10T09:32:34","slug":"noticias-sapim","status":"publish","type":"page","link":"https:\/\/www.sapim.com\/es\/noticias-sapim\/","title":{"rendered":"Noticias Sapim"},"content":{"rendered":"\t\t<div data-elementor-type=\"wp-page\" data-elementor-id=\"8284\" class=\"elementor elementor-8284 elementor-6297\" data-elementor-post-type=\"page\">\n\t\t\t\t\t\t<section class=\"has_eae_slider elementor-section elementor-top-section elementor-element elementor-element-a93a5d4 elementor-section-boxed elementor-section-height-default elementor-section-height-default\" data-id=\"a93a5d4\" data-element_type=\"section\">\n\t\t\t\t\t\t<div class=\"elementor-container elementor-column-gap-default\">\n\t\t\t\t\t<div class=\"has_eae_slider elementor-column elementor-col-100 elementor-top-column elementor-element elementor-element-a93ab35\" data-id=\"a93ab35\" data-element_type=\"column\">\n\t\t\t<div class=\"elementor-widget-wrap elementor-element-populated\">\n\t\t\t\t\t\t<div class=\"elementor-element elementor-element-80bef47 elementor-widget elementor-widget-vc_custom_heading\" data-id=\"80bef47\" data-element_type=\"widget\" data-widget_type=\"vc_custom_heading.default\">\n\t\t\t\t<div class=\"elementor-widget-container\">\n\t\t\t<div class=\" vc_custom_heading  consulting_heading_font  text_align_left\" ><h2 style=\"text-align: left;font-weight:700\" class=\"consulting-custom-title\">Noticias Sapim<\/h2><\/div>\t\t<\/div>\n\t\t\t\t<\/div>\n\t\t\t\t<div class=\"elementor-element elementor-element-a93b029 elementor-widget elementor-widget-stm_news\" data-id=\"a93b029\" data-element_type=\"widget\" data-widget_type=\"stm_news.default\">\n\t\t\t\t<div class=\"elementor-widget-container\">\n\t\t\t\t\t\t\t<div class=\"consulting_posts_box consulting_elementor_posts\n\t\t\t\tgrid\t\t\t\t\">\n\t\t\t\t\t<ul class=\"consulting_posts posts_per_row_3\">\n\t\t\t\t\t\t<li class=\"post_item\">\n\t<div class=\"post_inner\">\n\t\t\t\t\t<div class=\"image\">\n\t\t\t\t<a href=\"https:\/\/www.sapim.com\/es\/2025\/03\/19\/cronica-de-las-xl-jornadas-de-estudio-sobre-propiedad-intelectual-e-industrial\/\">\n\t\t\t\t\t<img src='https:\/\/www.sapim.com\/wp-content\/uploads\/2025\/03\/AIPPI-1-199x250.jpg' alt='' \/>\t\t\t\t<\/a>\n\t\t\t<\/div>\n\t\t\t\t\t<div class=\"news_item_info content_left\">\n\t\t\t<h5 class=\"news_item_title line_under_title\">\n\t\t\t\t<a href=\"https:\/\/www.sapim.com\/es\/2025\/03\/19\/cronica-de-las-xl-jornadas-de-estudio-sobre-propiedad-intelectual-e-industrial\/\">Cr\u00f3nica de las XL Jornadas de Estudio sobre Propiedad Industrial e Intelectual<\/a>\n\t\t\t<\/h5>\n\t\t\t\t\t\t<div class=\"news_info_bottom\">\n\t\t\t\t\t\t\t\t\t<div class=\"date icon_before\">\n\t\t\t\t\t\t<span class=\"news_item_date\">19 de marzo de 2025<\/span>\n\t\t\t\t\t<\/div>\n\t\t\t\t\t\t\t\t<\/div>\n\t\t<\/div>\n\t<\/div>\n<\/li>\n<li class=\"post_item\">\n\t<div class=\"post_inner\">\n\t\t\t\t\t<div class=\"image\">\n\t\t\t\t<a href=\"https:\/\/www.sapim.com\/es\/2025\/03\/04\/13-i-14-de-marzo-de-2025-jornadas-de-estudio-del-grupo-espanol-de-la-aippi\/\">\n\t\t\t\t\t<img src='https:\/\/www.sapim.com\/wp-content\/uploads\/2021\/01\/slide1-350x250.jpg' alt='' \/>\t\t\t\t<\/a>\n\t\t\t<\/div>\n\t\t\t\t\t<div class=\"news_item_info content_left\">\n\t\t\t<h5 class=\"news_item_title line_under_title\">\n\t\t\t\t<a href=\"https:\/\/www.sapim.com\/es\/2025\/03\/04\/13-i-14-de-marzo-de-2025-jornadas-de-estudio-del-grupo-espanol-de-la-aippi\/\">13 i 14 de marzo de 2025 Jornadas de Estudio Del Grupo Espa\u00f1ol de la AIPPI<\/a>\n\t\t\t<\/h5>\n\t\t\t\t\t\t<div class=\"news_info_bottom\">\n\t\t\t\t\t\t\t\t\t<div class=\"date icon_before\">\n\t\t\t\t\t\t<span class=\"news_item_date\">4 de marzo de 2025<\/span>\n\t\t\t\t\t<\/div>\n\t\t\t\t\t\t\t\t<\/div>\n\t\t<\/div>\n\t<\/div>\n<\/li>\n<li class=\"post_item\">\n\t<div class=\"post_inner\">\n\t\t\t\t\t<div class=\"image\">\n\t\t\t\t<a href=\"https:\/\/www.sapim.com\/es\/2025\/01\/08\/en-2024-el-numero-total-de-marcas-registradas-en-la-ompa-oficina-de-marcas-y-patentes-de-andorra-fue-de-888\/\">\n\t\t\t\t\t<img src='https:\/\/www.sapim.com\/wp-content\/uploads\/2021\/01\/slide1-350x250.jpg' alt='' \/>\t\t\t\t<\/a>\n\t\t\t<\/div>\n\t\t\t\t\t<div class=\"news_item_info content_left\">\n\t\t\t<h5 class=\"news_item_title line_under_title\">\n\t\t\t\t<a href=\"https:\/\/www.sapim.com\/es\/2025\/01\/08\/en-2024-el-numero-total-de-marcas-registradas-en-la-ompa-oficina-de-marcas-y-patentes-de-andorra-fue-de-888\/\">En 2024, el n\u00famero total de marcas registradas en la OMPA (Oficina de Marcas y Patentes de Andorra) fue de 888.<\/a>\n\t\t\t<\/h5>\n\t\t\t\t\t\t<div class=\"news_info_bottom\">\n\t\t\t\t\t\t\t\t\t<div class=\"date icon_before\">\n\t\t\t\t\t\t<span class=\"news_item_date\">8 de enero de 2025<\/span>\n\t\t\t\t\t<\/div>\n\t\t\t\t\t\t\t\t<\/div>\n\t\t<\/div>\n\t<\/div>\n<\/li>\n<li class=\"post_item\">\n\t<div class=\"post_inner\">\n\t\t\t\t\t<div class=\"image\">\n\t\t\t\t<a href=\"https:\/\/www.sapim.com\/es\/2024\/12\/02\/desde-el-pasado-22-de-octubre-de-2024-se-han-creado-mas-de-2000-nuevos-dominios-ad-descubra-lo-facil-que-es-crear-su-propio-dominio-ad\/\">\n\t\t\t\t\t<img src='https:\/\/www.sapim.com\/wp-content\/uploads\/2024\/10\/ad-SAPIM-CAT-350x250.jpg' alt='' \/>\t\t\t\t<\/a>\n\t\t\t<\/div>\n\t\t\t\t\t<div class=\"news_item_info content_left\">\n\t\t\t<h5 class=\"news_item_title line_under_title\">\n\t\t\t\t<a href=\"https:\/\/www.sapim.com\/es\/2024\/12\/02\/desde-el-pasado-22-de-octubre-de-2024-se-han-creado-mas-de-2000-nuevos-dominios-ad-descubra-lo-facil-que-es-crear-su-propio-dominio-ad\/\">Desde el pasado 22 de octubre de 2024 se han creado m\u00e1s de 2000 nuevos dominios .ad. Descubra lo f\u00e1cil que es crear su propio dominio .ad.<\/a>\n\t\t\t<\/h5>\n\t\t\t\t\t\t<div class=\"news_info_bottom\">\n\t\t\t\t\t\t\t\t\t<div class=\"date icon_before\">\n\t\t\t\t\t\t<span class=\"news_item_date\">2 de diciembre de 2024<\/span>\n\t\t\t\t\t<\/div>\n\t\t\t\t\t\t\t\t<\/div>\n\t\t<\/div>\n\t<\/div>\n<\/li>\n<li class=\"post_item\">\n\t<div class=\"post_inner\">\n\t\t\t\t\t<div class=\"image\">\n\t\t\t\t<a href=\"https:\/\/www.sapim.com\/es\/2024\/10\/19\/disponibilidad-general-del-dominio-ad\/\">\n\t\t\t\t\t<img src='https:\/\/www.sapim.com\/wp-content\/uploads\/2024\/10\/ad-SAPIM-CAT-350x250.jpg' alt='' \/>\t\t\t\t<\/a>\n\t\t\t<\/div>\n\t\t\t\t\t<div class=\"news_item_info content_left\">\n\t\t\t<h5 class=\"news_item_title line_under_title\">\n\t\t\t\t<a href=\"https:\/\/www.sapim.com\/es\/2024\/10\/19\/disponibilidad-general-del-dominio-ad\/\">Disponibilidad general del dominio .ad<\/a>\n\t\t\t<\/h5>\n\t\t\t\t\t\t<div class=\"news_info_bottom\">\n\t\t\t\t\t\t\t\t\t<div class=\"date icon_before\">\n\t\t\t\t\t\t<span class=\"news_item_date\">19 de octubre de 2024<\/span>\n\t\t\t\t\t<\/div>\n\t\t\t\t\t\t\t\t<\/div>\n\t\t<\/div>\n\t<\/div>\n<\/li>\n<li class=\"post_item\">\n\t<div class=\"post_inner\">\n\t\t\t\t\t<div class=\"image\">\n\t\t\t\t<a href=\"https:\/\/www.sapim.com\/es\/2024\/08\/28\/finalizacion-del-primer-periodo-de-apertura-transicion-del-dominio-primario-ad\/\">\n\t\t\t\t\t<img src='https:\/\/www.sapim.com\/wp-content\/uploads\/2021\/01\/dominis-andorra-350x250.jpg' alt='' \/>\t\t\t\t<\/a>\n\t\t\t<\/div>\n\t\t\t\t\t<div class=\"news_item_info content_left\">\n\t\t\t<h5 class=\"news_item_title line_under_title\">\n\t\t\t\t<a href=\"https:\/\/www.sapim.com\/es\/2024\/08\/28\/finalizacion-del-primer-periodo-de-apertura-transicion-del-dominio-primario-ad\/\">Finalizaci\u00f3n del primer per\u00edodo de apertura\/transici\u00f3n del dominio primario \u201c.ad\u201d<\/a>\n\t\t\t<\/h5>\n\t\t\t\t\t\t<div class=\"news_info_bottom\">\n\t\t\t\t\t\t\t\t\t<div class=\"date icon_before\">\n\t\t\t\t\t\t<span class=\"news_item_date\">28 de agosto de 2024<\/span>\n\t\t\t\t\t<\/div>\n\t\t\t\t\t\t\t\t<\/div>\n\t\t<\/div>\n\t<\/div>\n<\/li>\n<li class=\"post_item\">\n\t<div class=\"post_inner\">\n\t\t\t\t\t<div class=\"image\">\n\t\t\t\t<a href=\"https:\/\/www.sapim.com\/es\/2024\/06\/17\/sapim-slu-participara-en-la-146a-reunion-anual-de-inta-del-18-al-22-de-mayo-de-2024-en-atlanta-georgia-ee-uu-2\/\">\n\t\t\t\t\t<img src='https:\/\/www.sapim.com\/wp-content\/uploads\/2024\/06\/ECTA2024-350x250.jpg' alt='' \/>\t\t\t\t<\/a>\n\t\t\t<\/div>\n\t\t\t\t\t<div class=\"news_item_info content_left\">\n\t\t\t<h5 class=\"news_item_title line_under_title\">\n\t\t\t\t<a href=\"https:\/\/www.sapim.com\/es\/2024\/06\/17\/sapim-slu-participara-en-la-146a-reunion-anual-de-inta-del-18-al-22-de-mayo-de-2024-en-atlanta-georgia-ee-uu-2\/\">SAPIM, SLU participar\u00e1 en la 42\u00aa reuni\u00f3n anual de ECTA. Del 19 al 21 de junio de 2024 en Amberes, B\u00e9lgica<\/a>\n\t\t\t<\/h5>\n\t\t\t\t\t\t<div class=\"news_info_bottom\">\n\t\t\t\t\t\t\t\t\t<div class=\"date icon_before\">\n\t\t\t\t\t\t<span class=\"news_item_date\">17 de junio de 2024<\/span>\n\t\t\t\t\t<\/div>\n\t\t\t\t\t\t\t\t<\/div>\n\t\t<\/div>\n\t<\/div>\n<\/li>\n<li class=\"post_item\">\n\t<div class=\"post_inner\">\n\t\t\t\t\t<div class=\"image\">\n\t\t\t\t<a href=\"https:\/\/www.sapim.com\/es\/2024\/03\/21\/sapim-slu-participara-en-la-146a-reunion-anual-de-inta-del-18-al-22-de-mayo-de-2024-en-atlanta-georgia-ee-uu\/\">\n\t\t\t\t\t<img src='https:\/\/www.sapim.com\/wp-content\/uploads\/2024\/03\/INTA-2024-350x250.jpg' alt='' \/>\t\t\t\t<\/a>\n\t\t\t<\/div>\n\t\t\t\t\t<div class=\"news_item_info content_left\">\n\t\t\t<h5 class=\"news_item_title line_under_title\">\n\t\t\t\t<a href=\"https:\/\/www.sapim.com\/es\/2024\/03\/21\/sapim-slu-participara-en-la-146a-reunion-anual-de-inta-del-18-al-22-de-mayo-de-2024-en-atlanta-georgia-ee-uu\/\">SAPIM, SLU participar\u00e1 en la 146\u00aa reuni\u00f3n anual de INTA. Del 18 al 22 de mayo de 2024 en Atlanta, Georgia, EE.UU<\/a>\n\t\t\t<\/h5>\n\t\t\t\t\t\t<div class=\"news_info_bottom\">\n\t\t\t\t\t\t\t\t\t<div class=\"date icon_before\">\n\t\t\t\t\t\t<span class=\"news_item_date\">21 de marzo de 2024<\/span>\n\t\t\t\t\t<\/div>\n\t\t\t\t\t\t\t\t<\/div>\n\t\t<\/div>\n\t<\/div>\n<\/li>\n<li class=\"post_item\">\n\t<div class=\"post_inner\">\n\t\t\t\t\t<div class=\"image\">\n\t\t\t\t<a href=\"https:\/\/www.sapim.com\/es\/2023\/12\/01\/jornada-empresa-2023\/\">\n\t\t\t\t\t<img src='https:\/\/www.sapim.com\/wp-content\/uploads\/2023\/10\/IMG20231003122852-350x250.jpg' alt='' \/>\t\t\t\t<\/a>\n\t\t\t<\/div>\n\t\t\t\t\t<div class=\"news_item_info content_left\">\n\t\t\t<h5 class=\"news_item_title line_under_title\">\n\t\t\t\t<a href=\"https:\/\/www.sapim.com\/es\/2023\/12\/01\/jornada-empresa-2023\/\">Jornada Empresa 2023 de Andorra Telecom: Marcas que seducen, marcas que venden<\/a>\n\t\t\t<\/h5>\n\t\t\t\t\t\t<div class=\"news_info_bottom\">\n\t\t\t\t\t\t\t\t\t<div class=\"date icon_before\">\n\t\t\t\t\t\t<span class=\"news_item_date\">1 de diciembre de 2023<\/span>\n\t\t\t\t\t<\/div>\n\t\t\t\t\t\t\t\t<\/div>\n\t\t<\/div>\n\t<\/div>\n<\/li>\n<li class=\"post_item\">\n\t<div class=\"post_inner\">\n\t\t\t\t\t<div class=\"image\">\n\t\t\t\t<a href=\"https:\/\/www.sapim.com\/es\/2021\/04\/22\/xiii-encuentro-empresarial-iberoamericano-2\/\">\n\t\t\t\t\t<img src='https:\/\/www.sapim.com\/wp-content\/uploads\/2021\/04\/Iberoamericano-0-350x250.jpg' alt='Trobada empresarial iberoamericana' \/>\t\t\t\t<\/a>\n\t\t\t<\/div>\n\t\t\t\t\t<div class=\"news_item_info content_left\">\n\t\t\t<h5 class=\"news_item_title line_under_title\">\n\t\t\t\t<a href=\"https:\/\/www.sapim.com\/es\/2021\/04\/22\/xiii-encuentro-empresarial-iberoamericano-2\/\">FINALIZA EL XIII ENCUENTRO EMPRESARIAL IBEROAMERICANO<\/a>\n\t\t\t<\/h5>\n\t\t\t\t\t\t<div class=\"news_info_bottom\">\n\t\t\t\t\t\t\t\t\t<div class=\"date icon_before\">\n\t\t\t\t\t\t<span class=\"news_item_date\">22 de abril de 2021<\/span>\n\t\t\t\t\t<\/div>\n\t\t\t\t\t\t\t\t<\/div>\n\t\t<\/div>\n\t<\/div>\n<\/li>\n\t\t\t\t\t<\/ul>\n\t\t\t\t<\/div>\n\t\t\t\t\t\t<\/div>\n\t\t\t\t<\/div>\n\t\t\t\t\t<\/div>\n\t\t<\/div>\n\t\t\t\t\t<\/div>\n\t\t<\/section>\n\t\t\t\t<\/div>\n\t\t","protected":false},"excerpt":{"rendered":"<p>Noticias Sapim SAPIM, SLU participar\u00e1 en la 42\u00aa reuni\u00f3n anual de ECTA. Del 19 al 21 de junio de 2024 en Amberes, B\u00e9lgica 3 de juliol de 2024 SAPIM, SLU participar\u00e1 en la 42\u00aa reuni\u00f3n anual de ECTA. Del 19 al 21 de junio de 2024 en Amberes, B\u00e9lgica 17 de juny de 2024 SAPIM,<\/p>\n","protected":false},"author":1,"featured_media":0,"parent":0,"menu_order":0,"comment_status":"closed","ping_status":"closed","template":"","meta":{"footnotes":""},"class_list":["post-8284","page","type-page","status-publish","hentry"],"aioseo_notices":[],"_links":{"self":[{"href":"https:\/\/www.sapim.com\/es\/wp-json\/wp\/v2\/pages\/8284"}],"collection":[{"href":"https:\/\/www.sapim.com\/es\/wp-json\/wp\/v2\/pages"}],"about":[{"href":"https:\/\/www.sapim.com\/es\/wp-json\/wp\/v2\/types\/page"}],"author":[{"embeddable":true,"href":"https:\/\/www.sapim.com\/es\/wp-json\/wp\/v2\/users\/1"}],"replies":[{"embeddable":true,"href":"https:\/\/www.sapim.com\/es\/wp-json\/wp\/v2\/comments?post=8284"}],"version-history":[{"count":4,"href":"https:\/\/www.sapim.com\/es\/wp-json\/wp\/v2\/pages\/8284\/revisions"}],"predecessor-version":[{"id":10418,"href":"https:\/\/www.sapim.com\/es\/wp-json\/wp\/v2\/pages\/8284\/revisions\/10418"}],"wp:attachment":[{"href":"https:\/\/www.sapim.com\/es\/wp-json\/wp\/v2\/media?parent=8284"}],"curies":[{"name":"wp","href":"https:\/\/api.w.org\/{rel}","templated":true}]}}